{"id":12715,"date":"2018-10-18T13:26:29","date_gmt":"2018-10-18T10:26:29","guid":{"rendered":"https:\/\/retki.fi\/product\/retro-ryggsack-bla\/"},"modified":"2026-04-22T15:21:07","modified_gmt":"2026-04-22T12:21:07","slug":"retro-ryggsack-bla","status":"publish","type":"product","link":"https:\/\/retki.fi\/sv\/produkt\/retro-ryggsack-bla\/","title":{"rendered":"RETRO ryggs\u00e4ck bl\u00e5"},"content":{"rendered":"<p>Retroryggs\u00e4cken \u00e4r en klassisk och tidl\u00f6s ryggs\u00e4ck f\u00f6r m\u00e5nga anv\u00e4ndningsomr\u00e5den.<\/p>\n<p>Den snygga och h\u00f6gkvalitativa ryggs\u00e4cken passar m\u00e4nniskor i alla \u00e5ldrar och kan anv\u00e4ndas till exempel i skolan, p\u00e5 resor och p\u00e5 fritiden. Ryggs\u00e4cken har en egen ficka och ett avtagbart h\u00f6rnfodral f\u00f6r en b\u00e4rbar dator och en framficka f\u00f6r sm\u00e5saker. Axelremmarna \u00e4r vadderade, s\u00e5 ryggs\u00e4cken \u00e4r bekv\u00e4m att b\u00e4ra.<\/p>\n<p>&nbsp;<\/p>\n","protected":false},"excerpt":{"rendered":"<p>Retroryggs\u00e4cken \u00e4r en klassisk och tidl\u00f6s ryggs\u00e4ck f\u00f6r m\u00e5nga anv\u00e4ndningsomr\u00e5den. Den snygga och h\u00f6gkvalitativa ryggs\u00e4cken passar m\u00e4nniskor i alla \u00e5ldrar och kan anv\u00e4ndas till exempel i skolan, p\u00e5 resor och p\u00e5 fritiden. Ryggs\u00e4cken har en egen ficka och ett avtagbart h\u00f6rnfodral f\u00f6r en b\u00e4rbar dator och en framficka f\u00f6r sm\u00e5saker. Axelremmarna \u00e4r vadderade, s\u00e5 ryggs\u00e4cken [&hellip;]<\/p>\n","protected":false},"featured_media":11019,"comment_status":"closed","ping_status":"closed","template":"","meta":{"_acf_changed":false},"product_brand":[],"product_cat":[3600],"product_tag":[],"class_list":{"0":"post-12715","1":"product","2":"type-product","3":"status-publish","4":"has-post-thumbnail","6":"product_cat-ryggsackar-sv-vaskor-och-dagryggsackar","8":"first","9":"instock","10":"shipping-taxable","11":"product-type-simple"},"acf":[],"yoast_head":"<!-- This site is optimized with the Yoast SEO plugin v27.4 - https:\/\/yoast.com\/product\/yoast-seo-wordpress\/ -->\n<title>RETRO ryggs\u00e4ck bl\u00e5 - Retki Finland<\/title>\n<meta name=\"robots\" content=\"index, follow, max-snippet:-1, max-image-preview:large, max-video-preview:-1\" \/>\n<link rel=\"canonical\" href=\"https:\/\/retki.fi\/sv\/produkt\/retro-ryggsack-bla\/\" \/>\n<meta property=\"og:locale\" content=\"sv_SE\" \/>\n<meta property=\"og:type\" content=\"article\" \/>\n<meta property=\"og:title\" content=\"RETRO ryggs\u00e4ck bl\u00e5 - Retki Finland\" \/>\n<meta property=\"og:description\" content=\"Retroryggs\u00e4cken \u00e4r en klassisk och tidl\u00f6s ryggs\u00e4ck f\u00f6r m\u00e5nga anv\u00e4ndningsomr\u00e5den. Den snygga och h\u00f6gkvalitativa ryggs\u00e4cken passar m\u00e4nniskor i alla \u00e5ldrar och kan anv\u00e4ndas till exempel i skolan, p\u00e5 resor och p\u00e5 fritiden. Ryggs\u00e4cken har en egen ficka och ett avtagbart h\u00f6rnfodral f\u00f6r en b\u00e4rbar dator och en framficka f\u00f6r sm\u00e5saker. Axelremmarna \u00e4r vadderade, s\u00e5 ryggs\u00e4cken [&hellip;]\" \/>\n<meta property=\"og:url\" content=\"https:\/\/retki.fi\/sv\/produkt\/retro-ryggsack-bla\/\" \/>\n<meta property=\"og:site_name\" content=\"Retki Finland\" \/>\n<meta property=\"article:publisher\" content=\"https:\/\/www.facebook.com\/retkifinland\/\" \/>\n<meta property=\"article:modified_time\" content=\"2026-04-22T12:21:07+00:00\" \/>\n<meta property=\"og:image\" content=\"https:\/\/retki.fi\/wp-content\/uploads\/2018\/10\/R2650_6418536002650_PO5357_001-2.jpeg\" \/>\n\t<meta property=\"og:image:width\" content=\"747\" \/>\n\t<meta property=\"og:image:height\" content=\"1000\" \/>\n\t<meta property=\"og:image:type\" content=\"image\/jpeg\" \/>\n<meta name=\"twitter:card\" content=\"summary_large_image\" \/>\n<script type=\"application\/ld+json\" class=\"yoast-schema-graph\">{\"@context\":\"https:\\\/\\\/schema.org\",\"@graph\":[{\"@type\":\"WebPage\",\"@id\":\"https:\\\/\\\/retki.fi\\\/sv\\\/produkt\\\/retro-ryggsack-bla\\\/\",\"url\":\"https:\\\/\\\/retki.fi\\\/sv\\\/produkt\\\/retro-ryggsack-bla\\\/\",\"name\":\"RETRO ryggs\u00e4ck bl\u00e5 - Retki Finland\",\"isPartOf\":{\"@id\":\"https:\\\/\\\/retki.fi\\\/#website\"},\"primaryImageOfPage\":{\"@id\":\"https:\\\/\\\/retki.fi\\\/sv\\\/produkt\\\/retro-ryggsack-bla\\\/#primaryimage\"},\"image\":{\"@id\":\"https:\\\/\\\/retki.fi\\\/sv\\\/produkt\\\/retro-ryggsack-bla\\\/#primaryimage\"},\"thumbnailUrl\":\"https:\\\/\\\/retki.fi\\\/wp-content\\\/uploads\\\/2018\\\/10\\\/R2650_6418536002650_PO5357_001-2.jpeg\",\"datePublished\":\"2018-10-18T10:26:29+00:00\",\"dateModified\":\"2026-04-22T12:21:07+00:00\",\"breadcrumb\":{\"@id\":\"https:\\\/\\\/retki.fi\\\/sv\\\/produkt\\\/retro-ryggsack-bla\\\/#breadcrumb\"},\"inLanguage\":\"sv-SE\",\"potentialAction\":[{\"@type\":\"ReadAction\",\"target\":[\"https:\\\/\\\/retki.fi\\\/sv\\\/produkt\\\/retro-ryggsack-bla\\\/\"]}]},{\"@type\":\"ImageObject\",\"inLanguage\":\"sv-SE\",\"@id\":\"https:\\\/\\\/retki.fi\\\/sv\\\/produkt\\\/retro-ryggsack-bla\\\/#primaryimage\",\"url\":\"https:\\\/\\\/retki.fi\\\/wp-content\\\/uploads\\\/2018\\\/10\\\/R2650_6418536002650_PO5357_001-2.jpeg\",\"contentUrl\":\"https:\\\/\\\/retki.fi\\\/wp-content\\\/uploads\\\/2018\\\/10\\\/R2650_6418536002650_PO5357_001-2.jpeg\",\"width\":747,\"height\":1000},{\"@type\":\"BreadcrumbList\",\"@id\":\"https:\\\/\\\/retki.fi\\\/sv\\\/produkt\\\/retro-ryggsack-bla\\\/#breadcrumb\",\"itemListElement\":[{\"@type\":\"ListItem\",\"position\":1,\"name\":\"Etusivu\",\"item\":\"https:\\\/\\\/retki.fi\\\/\"},{\"@type\":\"ListItem\",\"position\":2,\"name\":\"Produkter\",\"item\":\"https:\\\/\\\/retki.fi\\\/sv\\\/produkter\\\/\"},{\"@type\":\"ListItem\",\"position\":3,\"name\":\"RETRO ryggs\u00e4ck bl\u00e5\"}]},{\"@type\":\"WebSite\",\"@id\":\"https:\\\/\\\/retki.fi\\\/#website\",\"url\":\"https:\\\/\\\/retki.fi\\\/\",\"name\":\"Retki Finland\",\"description\":\"Best moments happen outdoors\",\"publisher\":{\"@id\":\"https:\\\/\\\/retki.fi\\\/#organization\"},\"potentialAction\":[{\"@type\":\"SearchAction\",\"target\":{\"@type\":\"EntryPoint\",\"urlTemplate\":\"https:\\\/\\\/retki.fi\\\/?s={search_term_string}\"},\"query-input\":{\"@type\":\"PropertyValueSpecification\",\"valueRequired\":true,\"valueName\":\"search_term_string\"}}],\"inLanguage\":\"sv-SE\"},{\"@type\":\"Organization\",\"@id\":\"https:\\\/\\\/retki.fi\\\/#organization\",\"name\":\"Retki Finland \\\/ Blue Import BIM Oy\",\"url\":\"https:\\\/\\\/retki.fi\\\/\",\"logo\":{\"@type\":\"ImageObject\",\"inLanguage\":\"sv-SE\",\"@id\":\"https:\\\/\\\/retki.fi\\\/#\\\/schema\\\/logo\\\/image\\\/\",\"url\":\"https:\\\/\\\/retki.fi\\\/wp-content\\\/uploads\\\/2018\\\/11\\\/Retki_logo_512X512px.jpg\",\"contentUrl\":\"https:\\\/\\\/retki.fi\\\/wp-content\\\/uploads\\\/2018\\\/11\\\/Retki_logo_512X512px.jpg\",\"width\":512,\"height\":512,\"caption\":\"Retki Finland \\\/ Blue Import BIM Oy\"},\"image\":{\"@id\":\"https:\\\/\\\/retki.fi\\\/#\\\/schema\\\/logo\\\/image\\\/\"},\"sameAs\":[\"https:\\\/\\\/www.facebook.com\\\/retkifinland\\\/\",\"https:\\\/\\\/www.instagram.com\\\/retkifinland\\\/\"]}]}<\/script>\n<!-- \/ Yoast SEO plugin. -->","yoast_head_json":{"title":"RETRO ryggs\u00e4ck bl\u00e5 - Retki Finland","robots":{"index":"index","follow":"follow","max-snippet":"max-snippet:-1","max-image-preview":"max-image-preview:large","max-video-preview":"max-video-preview:-1"},"canonical":"https:\/\/retki.fi\/sv\/produkt\/retro-ryggsack-bla\/","og_locale":"sv_SE","og_type":"article","og_title":"RETRO ryggs\u00e4ck bl\u00e5 - Retki Finland","og_description":"Retroryggs\u00e4cken \u00e4r en klassisk och tidl\u00f6s ryggs\u00e4ck f\u00f6r m\u00e5nga anv\u00e4ndningsomr\u00e5den. Den snygga och h\u00f6gkvalitativa ryggs\u00e4cken passar m\u00e4nniskor i alla \u00e5ldrar och kan anv\u00e4ndas till exempel i skolan, p\u00e5 resor och p\u00e5 fritiden. Ryggs\u00e4cken har en egen ficka och ett avtagbart h\u00f6rnfodral f\u00f6r en b\u00e4rbar dator och en framficka f\u00f6r sm\u00e5saker. Axelremmarna \u00e4r vadderade, s\u00e5 ryggs\u00e4cken [&hellip;]","og_url":"https:\/\/retki.fi\/sv\/produkt\/retro-ryggsack-bla\/","og_site_name":"Retki Finland","article_publisher":"https:\/\/www.facebook.com\/retkifinland\/","article_modified_time":"2026-04-22T12:21:07+00:00","og_image":[{"width":747,"height":1000,"url":"https:\/\/retki.fi\/wp-content\/uploads\/2018\/10\/R2650_6418536002650_PO5357_001-2.jpeg","type":"image\/jpeg"}],"twitter_card":"summary_large_image","schema":{"@context":"https:\/\/schema.org","@graph":[{"@type":"WebPage","@id":"https:\/\/retki.fi\/sv\/produkt\/retro-ryggsack-bla\/","url":"https:\/\/retki.fi\/sv\/produkt\/retro-ryggsack-bla\/","name":"RETRO ryggs\u00e4ck bl\u00e5 - Retki Finland","isPartOf":{"@id":"https:\/\/retki.fi\/#website"},"primaryImageOfPage":{"@id":"https:\/\/retki.fi\/sv\/produkt\/retro-ryggsack-bla\/#primaryimage"},"image":{"@id":"https:\/\/retki.fi\/sv\/produkt\/retro-ryggsack-bla\/#primaryimage"},"thumbnailUrl":"https:\/\/retki.fi\/wp-content\/uploads\/2018\/10\/R2650_6418536002650_PO5357_001-2.jpeg","datePublished":"2018-10-18T10:26:29+00:00","dateModified":"2026-04-22T12:21:07+00:00","breadcrumb":{"@id":"https:\/\/retki.fi\/sv\/produkt\/retro-ryggsack-bla\/#breadcrumb"},"inLanguage":"sv-SE","potentialAction":[{"@type":"ReadAction","target":["https:\/\/retki.fi\/sv\/produkt\/retro-ryggsack-bla\/"]}]},{"@type":"ImageObject","inLanguage":"sv-SE","@id":"https:\/\/retki.fi\/sv\/produkt\/retro-ryggsack-bla\/#primaryimage","url":"https:\/\/retki.fi\/wp-content\/uploads\/2018\/10\/R2650_6418536002650_PO5357_001-2.jpeg","contentUrl":"https:\/\/retki.fi\/wp-content\/uploads\/2018\/10\/R2650_6418536002650_PO5357_001-2.jpeg","width":747,"height":1000},{"@type":"BreadcrumbList","@id":"https:\/\/retki.fi\/sv\/produkt\/retro-ryggsack-bla\/#breadcrumb","itemListElement":[{"@type":"ListItem","position":1,"name":"Etusivu","item":"https:\/\/retki.fi\/"},{"@type":"ListItem","position":2,"name":"Produkter","item":"https:\/\/retki.fi\/sv\/produkter\/"},{"@type":"ListItem","position":3,"name":"RETRO ryggs\u00e4ck bl\u00e5"}]},{"@type":"WebSite","@id":"https:\/\/retki.fi\/#website","url":"https:\/\/retki.fi\/","name":"Retki Finland","description":"Best moments happen outdoors","publisher":{"@id":"https:\/\/retki.fi\/#organization"},"potentialAction":[{"@type":"SearchAction","target":{"@type":"EntryPoint","urlTemplate":"https:\/\/retki.fi\/?s={search_term_string}"},"query-input":{"@type":"PropertyValueSpecification","valueRequired":true,"valueName":"search_term_string"}}],"inLanguage":"sv-SE"},{"@type":"Organization","@id":"https:\/\/retki.fi\/#organization","name":"Retki Finland \/ Blue Import BIM Oy","url":"https:\/\/retki.fi\/","logo":{"@type":"ImageObject","inLanguage":"sv-SE","@id":"https:\/\/retki.fi\/#\/schema\/logo\/image\/","url":"https:\/\/retki.fi\/wp-content\/uploads\/2018\/11\/Retki_logo_512X512px.jpg","contentUrl":"https:\/\/retki.fi\/wp-content\/uploads\/2018\/11\/Retki_logo_512X512px.jpg","width":512,"height":512,"caption":"Retki Finland \/ Blue Import BIM Oy"},"image":{"@id":"https:\/\/retki.fi\/#\/schema\/logo\/image\/"},"sameAs":["https:\/\/www.facebook.com\/retkifinland\/","https:\/\/www.instagram.com\/retkifinland\/"]}]}},"_links":{"self":[{"href":"https:\/\/retki.fi\/sv\/wp-json\/wp\/v2\/product\/12715","targetHints":{"allow":["GET"]}}],"collection":[{"href":"https:\/\/retki.fi\/sv\/wp-json\/wp\/v2\/product"}],"about":[{"href":"https:\/\/retki.fi\/sv\/wp-json\/wp\/v2\/types\/product"}],"replies":[{"embeddable":true,"href":"https:\/\/retki.fi\/sv\/wp-json\/wp\/v2\/comments?post=12715"}],"wp:featuredmedia":[{"embeddable":true,"href":"https:\/\/retki.fi\/sv\/wp-json\/wp\/v2\/media\/11019"}],"wp:attachment":[{"href":"https:\/\/retki.fi\/sv\/wp-json\/wp\/v2\/media?parent=12715"}],"wp:term":[{"taxonomy":"product_brand","embeddable":true,"href":"https:\/\/retki.fi\/sv\/wp-json\/wp\/v2\/product_brand?post=12715"},{"taxonomy":"product_cat","embeddable":true,"href":"https:\/\/retki.fi\/sv\/wp-json\/wp\/v2\/product_cat?post=12715"},{"taxonomy":"product_tag","embeddable":true,"href":"https:\/\/retki.fi\/sv\/wp-json\/wp\/v2\/product_tag?post=12715"}],"curies":[{"name":"wp","href":"https:\/\/api.w.org\/{rel}","templated":true}]}}