{"id":12784,"date":"2021-05-31T17:08:46","date_gmt":"2021-05-31T14:08:46","guid":{"rendered":"https:\/\/retki.fi\/product\/talt-pro5000-2-personer\/"},"modified":"2026-04-22T15:19:28","modified_gmt":"2026-04-22T12:19:28","slug":"talt-pro5000-2-personer","status":"publish","type":"product","link":"https:\/\/retki.fi\/sv\/produkt\/talt-pro5000-2-personer\/","title":{"rendered":"Tent Pro 5000 2 personer"},"content":{"rendered":"<p>Ett tv\u00e5mannat\u00e4lt f\u00f6r kr\u00e4vande vandrare. T\u00e4ltet har tv\u00e5 d\u00f6rrar och 60 cm absider p\u00e5 b\u00e5da sidor. Innert\u00e4lt 20D Ripstop Nylon med silikonbehandling. Golv 40D Ripstop Nylon med silikonbehandling, vattent\u00e4t PU5000mm. Yttertyget p\u00e5 tv\u00e5manst\u00e4ltet \u00e4r silikonbehandlad 20D Ripstop Nylon och vattent\u00e4t PU5000mm. Tejpade s\u00f6mmar.<\/p>\n<p>&nbsp;<\/p>\n<p>I paketet ing\u00e5r ett t\u00e4lt, en markt\u00e4ckare, ett utomhust\u00e4lt, en st\u00f6db\u00e5ge, 6 markkilar, 6 f\u00e4stsn\u00f6ren, en b\u00e4rv\u00e4ska och en bruksanvisning.<\/p>\n<p>Se videon fr\u00e5n monteringen och presentationen av t\u00e4ltet gjord av Er\u00e4hetki YouTube-kanal:<\/p>\n<p>[b\u00e4dda in]https:\/\/www.youtube.com\/watch?v=rgJSvT81J0Q[\/embed]<\/p>\n","protected":false},"excerpt":{"rendered":"<p>Ett tv\u00e5mannat\u00e4lt f\u00f6r kr\u00e4vande anv\u00e4ndning.<\/p>\n","protected":false},"featured_media":12424,"comment_status":"closed","ping_status":"closed","template":"","meta":{"_acf_changed":false},"product_brand":[],"product_cat":[3595],"product_tag":[],"class_list":{"0":"post-12784","1":"product","2":"type-product","3":"status-publish","4":"has-post-thumbnail","6":"product_cat-talt-camping","8":"first","9":"instock","10":"shipping-taxable","11":"product-type-simple"},"acf":[],"yoast_head":"<!-- This site is optimized with the Yoast SEO plugin v27.4 - https:\/\/yoast.com\/product\/yoast-seo-wordpress\/ -->\n<title>Tent Pro 5000 2 personer - Retki Finland<\/title>\n<meta name=\"robots\" content=\"index, follow, max-snippet:-1, max-image-preview:large, max-video-preview:-1\" \/>\n<link rel=\"canonical\" href=\"https:\/\/retki.fi\/sv\/produkt\/talt-pro5000-2-personer\/\" \/>\n<meta property=\"og:locale\" content=\"sv_SE\" \/>\n<meta property=\"og:type\" content=\"article\" \/>\n<meta property=\"og:title\" content=\"Tent Pro 5000 2 personer - Retki Finland\" \/>\n<meta property=\"og:description\" content=\"Ett tv\u00e5mannat\u00e4lt f\u00f6r kr\u00e4vande anv\u00e4ndning.\" \/>\n<meta property=\"og:url\" content=\"https:\/\/retki.fi\/sv\/produkt\/talt-pro5000-2-personer\/\" \/>\n<meta property=\"og:site_name\" content=\"Retki Finland\" \/>\n<meta property=\"article:publisher\" content=\"https:\/\/www.facebook.com\/retkifinland\/\" \/>\n<meta property=\"article:modified_time\" content=\"2026-04-22T12:19:28+00:00\" \/>\n<meta property=\"og:image\" content=\"https:\/\/retki.fi\/wp-content\/uploads\/2021\/05\/pro5000.png\" \/>\n\t<meta property=\"og:image:width\" content=\"424\" \/>\n\t<meta property=\"og:image:height\" content=\"299\" \/>\n\t<meta property=\"og:image:type\" content=\"image\/png\" \/>\n<meta name=\"twitter:card\" content=\"summary_large_image\" \/>\n<meta name=\"twitter:label1\" content=\"Ber\u00e4knad l\u00e4stid\" \/>\n\t<meta name=\"twitter:data1\" content=\"1 minut\" \/>\n<script type=\"application\/ld+json\" class=\"yoast-schema-graph\">{\"@context\":\"https:\\\/\\\/schema.org\",\"@graph\":[{\"@type\":\"WebPage\",\"@id\":\"https:\\\/\\\/retki.fi\\\/sv\\\/produkt\\\/talt-pro5000-2-personer\\\/\",\"url\":\"https:\\\/\\\/retki.fi\\\/sv\\\/produkt\\\/talt-pro5000-2-personer\\\/\",\"name\":\"Tent Pro 5000 2 personer - Retki Finland\",\"isPartOf\":{\"@id\":\"https:\\\/\\\/retki.fi\\\/#website\"},\"primaryImageOfPage\":{\"@id\":\"https:\\\/\\\/retki.fi\\\/sv\\\/produkt\\\/talt-pro5000-2-personer\\\/#primaryimage\"},\"image\":{\"@id\":\"https:\\\/\\\/retki.fi\\\/sv\\\/produkt\\\/talt-pro5000-2-personer\\\/#primaryimage\"},\"thumbnailUrl\":\"https:\\\/\\\/retki.fi\\\/wp-content\\\/uploads\\\/2021\\\/05\\\/pro5000.png\",\"datePublished\":\"2021-05-31T14:08:46+00:00\",\"dateModified\":\"2026-04-22T12:19:28+00:00\",\"breadcrumb\":{\"@id\":\"https:\\\/\\\/retki.fi\\\/sv\\\/produkt\\\/talt-pro5000-2-personer\\\/#breadcrumb\"},\"inLanguage\":\"sv-SE\",\"potentialAction\":[{\"@type\":\"ReadAction\",\"target\":[\"https:\\\/\\\/retki.fi\\\/sv\\\/produkt\\\/talt-pro5000-2-personer\\\/\"]}]},{\"@type\":\"ImageObject\",\"inLanguage\":\"sv-SE\",\"@id\":\"https:\\\/\\\/retki.fi\\\/sv\\\/produkt\\\/talt-pro5000-2-personer\\\/#primaryimage\",\"url\":\"https:\\\/\\\/retki.fi\\\/wp-content\\\/uploads\\\/2021\\\/05\\\/pro5000.png\",\"contentUrl\":\"https:\\\/\\\/retki.fi\\\/wp-content\\\/uploads\\\/2021\\\/05\\\/pro5000.png\",\"width\":424,\"height\":299},{\"@type\":\"BreadcrumbList\",\"@id\":\"https:\\\/\\\/retki.fi\\\/sv\\\/produkt\\\/talt-pro5000-2-personer\\\/#breadcrumb\",\"itemListElement\":[{\"@type\":\"ListItem\",\"position\":1,\"name\":\"Etusivu\",\"item\":\"https:\\\/\\\/retki.fi\\\/\"},{\"@type\":\"ListItem\",\"position\":2,\"name\":\"Produkter\",\"item\":\"https:\\\/\\\/retki.fi\\\/sv\\\/produkter\\\/\"},{\"@type\":\"ListItem\",\"position\":3,\"name\":\"Tent Pro 5000 2 personer\"}]},{\"@type\":\"WebSite\",\"@id\":\"https:\\\/\\\/retki.fi\\\/#website\",\"url\":\"https:\\\/\\\/retki.fi\\\/\",\"name\":\"Retki Finland\",\"description\":\"Best moments happen outdoors\",\"publisher\":{\"@id\":\"https:\\\/\\\/retki.fi\\\/#organization\"},\"potentialAction\":[{\"@type\":\"SearchAction\",\"target\":{\"@type\":\"EntryPoint\",\"urlTemplate\":\"https:\\\/\\\/retki.fi\\\/?s={search_term_string}\"},\"query-input\":{\"@type\":\"PropertyValueSpecification\",\"valueRequired\":true,\"valueName\":\"search_term_string\"}}],\"inLanguage\":\"sv-SE\"},{\"@type\":\"Organization\",\"@id\":\"https:\\\/\\\/retki.fi\\\/#organization\",\"name\":\"Retki Finland \\\/ Blue Import BIM Oy\",\"url\":\"https:\\\/\\\/retki.fi\\\/\",\"logo\":{\"@type\":\"ImageObject\",\"inLanguage\":\"sv-SE\",\"@id\":\"https:\\\/\\\/retki.fi\\\/#\\\/schema\\\/logo\\\/image\\\/\",\"url\":\"https:\\\/\\\/retki.fi\\\/wp-content\\\/uploads\\\/2018\\\/11\\\/Retki_logo_512X512px.jpg\",\"contentUrl\":\"https:\\\/\\\/retki.fi\\\/wp-content\\\/uploads\\\/2018\\\/11\\\/Retki_logo_512X512px.jpg\",\"width\":512,\"height\":512,\"caption\":\"Retki Finland \\\/ Blue Import BIM Oy\"},\"image\":{\"@id\":\"https:\\\/\\\/retki.fi\\\/#\\\/schema\\\/logo\\\/image\\\/\"},\"sameAs\":[\"https:\\\/\\\/www.facebook.com\\\/retkifinland\\\/\",\"https:\\\/\\\/www.instagram.com\\\/retkifinland\\\/\"]}]}<\/script>\n<!-- \/ Yoast SEO plugin. -->","yoast_head_json":{"title":"Tent Pro 5000 2 personer - Retki Finland","robots":{"index":"index","follow":"follow","max-snippet":"max-snippet:-1","max-image-preview":"max-image-preview:large","max-video-preview":"max-video-preview:-1"},"canonical":"https:\/\/retki.fi\/sv\/produkt\/talt-pro5000-2-personer\/","og_locale":"sv_SE","og_type":"article","og_title":"Tent Pro 5000 2 personer - Retki Finland","og_description":"Ett tv\u00e5mannat\u00e4lt f\u00f6r kr\u00e4vande anv\u00e4ndning.","og_url":"https:\/\/retki.fi\/sv\/produkt\/talt-pro5000-2-personer\/","og_site_name":"Retki Finland","article_publisher":"https:\/\/www.facebook.com\/retkifinland\/","article_modified_time":"2026-04-22T12:19:28+00:00","og_image":[{"width":424,"height":299,"url":"https:\/\/retki.fi\/wp-content\/uploads\/2021\/05\/pro5000.png","type":"image\/png"}],"twitter_card":"summary_large_image","twitter_misc":{"Ber\u00e4knad l\u00e4stid":"1 minut"},"schema":{"@context":"https:\/\/schema.org","@graph":[{"@type":"WebPage","@id":"https:\/\/retki.fi\/sv\/produkt\/talt-pro5000-2-personer\/","url":"https:\/\/retki.fi\/sv\/produkt\/talt-pro5000-2-personer\/","name":"Tent Pro 5000 2 personer - Retki Finland","isPartOf":{"@id":"https:\/\/retki.fi\/#website"},"primaryImageOfPage":{"@id":"https:\/\/retki.fi\/sv\/produkt\/talt-pro5000-2-personer\/#primaryimage"},"image":{"@id":"https:\/\/retki.fi\/sv\/produkt\/talt-pro5000-2-personer\/#primaryimage"},"thumbnailUrl":"https:\/\/retki.fi\/wp-content\/uploads\/2021\/05\/pro5000.png","datePublished":"2021-05-31T14:08:46+00:00","dateModified":"2026-04-22T12:19:28+00:00","breadcrumb":{"@id":"https:\/\/retki.fi\/sv\/produkt\/talt-pro5000-2-personer\/#breadcrumb"},"inLanguage":"sv-SE","potentialAction":[{"@type":"ReadAction","target":["https:\/\/retki.fi\/sv\/produkt\/talt-pro5000-2-personer\/"]}]},{"@type":"ImageObject","inLanguage":"sv-SE","@id":"https:\/\/retki.fi\/sv\/produkt\/talt-pro5000-2-personer\/#primaryimage","url":"https:\/\/retki.fi\/wp-content\/uploads\/2021\/05\/pro5000.png","contentUrl":"https:\/\/retki.fi\/wp-content\/uploads\/2021\/05\/pro5000.png","width":424,"height":299},{"@type":"BreadcrumbList","@id":"https:\/\/retki.fi\/sv\/produkt\/talt-pro5000-2-personer\/#breadcrumb","itemListElement":[{"@type":"ListItem","position":1,"name":"Etusivu","item":"https:\/\/retki.fi\/"},{"@type":"ListItem","position":2,"name":"Produkter","item":"https:\/\/retki.fi\/sv\/produkter\/"},{"@type":"ListItem","position":3,"name":"Tent Pro 5000 2 personer"}]},{"@type":"WebSite","@id":"https:\/\/retki.fi\/#website","url":"https:\/\/retki.fi\/","name":"Retki Finland","description":"Best moments happen outdoors","publisher":{"@id":"https:\/\/retki.fi\/#organization"},"potentialAction":[{"@type":"SearchAction","target":{"@type":"EntryPoint","urlTemplate":"https:\/\/retki.fi\/?s={search_term_string}"},"query-input":{"@type":"PropertyValueSpecification","valueRequired":true,"valueName":"search_term_string"}}],"inLanguage":"sv-SE"},{"@type":"Organization","@id":"https:\/\/retki.fi\/#organization","name":"Retki Finland \/ Blue Import BIM Oy","url":"https:\/\/retki.fi\/","logo":{"@type":"ImageObject","inLanguage":"sv-SE","@id":"https:\/\/retki.fi\/#\/schema\/logo\/image\/","url":"https:\/\/retki.fi\/wp-content\/uploads\/2018\/11\/Retki_logo_512X512px.jpg","contentUrl":"https:\/\/retki.fi\/wp-content\/uploads\/2018\/11\/Retki_logo_512X512px.jpg","width":512,"height":512,"caption":"Retki Finland \/ Blue Import BIM Oy"},"image":{"@id":"https:\/\/retki.fi\/#\/schema\/logo\/image\/"},"sameAs":["https:\/\/www.facebook.com\/retkifinland\/","https:\/\/www.instagram.com\/retkifinland\/"]}]}},"_links":{"self":[{"href":"https:\/\/retki.fi\/sv\/wp-json\/wp\/v2\/product\/12784","targetHints":{"allow":["GET"]}}],"collection":[{"href":"https:\/\/retki.fi\/sv\/wp-json\/wp\/v2\/product"}],"about":[{"href":"https:\/\/retki.fi\/sv\/wp-json\/wp\/v2\/types\/product"}],"replies":[{"embeddable":true,"href":"https:\/\/retki.fi\/sv\/wp-json\/wp\/v2\/comments?post=12784"}],"wp:featuredmedia":[{"embeddable":true,"href":"https:\/\/retki.fi\/sv\/wp-json\/wp\/v2\/media\/12424"}],"wp:attachment":[{"href":"https:\/\/retki.fi\/sv\/wp-json\/wp\/v2\/media?parent=12784"}],"wp:term":[{"taxonomy":"product_brand","embeddable":true,"href":"https:\/\/retki.fi\/sv\/wp-json\/wp\/v2\/product_brand?post=12784"},{"taxonomy":"product_cat","embeddable":true,"href":"https:\/\/retki.fi\/sv\/wp-json\/wp\/v2\/product_cat?post=12784"},{"taxonomy":"product_tag","embeddable":true,"href":"https:\/\/retki.fi\/sv\/wp-json\/wp\/v2\/product_tag?post=12784"}],"curies":[{"name":"wp","href":"https:\/\/api.w.org\/{rel}","templated":true}]}}